{"id":1021,"date":"2022-03-29T19:47:26","date_gmt":"2022-03-29T19:47:26","guid":{"rendered":"https:\/\/latampower.com\/web\/?page_id=1021"},"modified":"2024-03-22T16:28:27","modified_gmt":"2024-03-22T16:28:27","slug":"gobierno-corporativo","status":"publish","type":"page","link":"https:\/\/latampower.com\/en\/gobierno-corporativo\/","title":{"rendered":"Corporate Governance"},"content":{"rendered":"<p>[et_pb_section fb_built=\u00bb1&#8243; _builder_version=\u00bb4.16&#8243; _module_preset=\u00bbdefault\u00bb global_colors_info=\u00bb{}\u00bb][et_pb_row column_structure=\u00bb1_2,1_2&#8243; _builder_version=\u00bb4.16&#8243; _module_preset=\u00bbdefault\u00bb global_colors_info=\u00bb{}\u00bb][et_pb_column type=\u00bb1_2&#8243; _builder_version=\u00bb4.16&#8243; _module_preset=\u00bbdefault\u00bb global_colors_info=\u00bb{}\u00bb][et_pb_text _builder_version=\u00bb4.16&#8243; _module_preset=\u00bbdefault\u00bb global_colors_info=\u00bb{}\u00bb]<\/p>\n<div>\u00a0<\/div>\n<div id=\"sppb-addon-wrapper-1518437241196\" class=\"sppb-addon-wrapper\">\n<div id=\"sppb-addon-1518437241196\" class=\"clearfix\">\n<div class=\"sppb-addon sppb-addon-header sppb-text-left\">\n<div id=\"sppb-addon-wrapper-1518437241197\" class=\"sppb-addon-wrapper\">\n<div id=\"sppb-addon-1518437241197\" class=\"clearfix\">\n<div class=\"sppb-addon sppb-addon-text-block sppb-text-left\">\n<div class=\"sppb-addon-content\">\n<div>\n<div class=\"sppb-row-overlay\">\u00a0<\/div>\n<div class=\"sppb-row-container\">\n<div class=\"sppb-row sppb-align-center\">\n<div id=\"column-wrap-id-1608598725577\" class=\"sppb-col-md-6 sppb-col-sm-12\">\n<div id=\"column-id-1608598725577\" class=\"sppb-column\">\n<div class=\"sppb-column-addons\">\n<div id=\"sppb-addon-wrapper-1608598725578\" class=\"sppb-addon-wrapper\">\n<div id=\"sppb-addon-1608598725578\" class=\"clearfix\">El sistema de Gobierno Corporativo de LAP est\u00e1 dise\u00f1ado para velar por que la compa\u00f1\u00eda alcance los objetivos estrat\u00e9gicos, se incorporen las mejores pr\u00e1cticas internacionales en la gesti\u00f3n de los negocios y se protejan los intereses de todos los stakeholders con los que LAP se relaciona.<\/div>\n<div class=\"clearfix\">\n<div class=\"sppb-addon sppb-addon-text-block\">\n<div class=\"sppb-addon-content\">\n<div>\u00a0<\/div>\n<div>La estructura responsable de asegurar que la empresa mantenga un adecuado funcionamiento de gobierno corporativo es el Directorio, entidad compuesta por cinco miembros. Su trabajo se sustenta en un marco de transparencia, una gesti\u00f3n estrat\u00e9gica y operacional de alto est\u00e1ndar, un control exhaustivo sobre los riesgos y un compromiso social frente a la comunidad y el mercado.<\/div>\n<div>El objetivo clave de la estructura de gobierno corporativo de LAP es proteger y acrecentar el valor para los accionistas, al garantizar la integridad de la informaci\u00f3n, manteniendo los adecuados controles internos.<\/div>\n<\/div>\n<\/div>\n<\/div>\n<\/div>\n<\/div>\n<\/div>\n<\/div>\n<\/div>\n<\/div>\n<\/div>\n<\/div>\n<\/div>\n<\/div>\n<\/div>\n<\/div>\n<\/div>\n<\/div>\n<p>[\/et_pb_text][\/et_pb_column][et_pb_column type=\u00bb1_2&#8243; _builder_version=\u00bb4.16&#8243; _module_preset=\u00bbdefault\u00bb global_colors_info=\u00bb{}\u00bb][et_pb_image src=\u00bbhttps:\/\/latampower.com\/web\/wp-content\/uploads\/2022\/03\/gog-corporativo.jpg\u00bb title_text=\u00bbgog-corporativo\u00bb _builder_version=\u00bb4.16&#8243; _module_preset=\u00bbdefault\u00bb global_colors_info=\u00bb{}\u00bb][\/et_pb_image][\/et_pb_column][\/et_pb_row][\/et_pb_section][et_pb_section fb_built=\u00bb1&#8243; _builder_version=\u00bb4.17.3&#8243; _module_preset=\u00bbdefault\u00bb background_image=\u00bbhttps:\/\/latampower.com\/wp-content\/uploads\/2022\/03\/fondo-verde02.jpg\u00bb parallax=\u00bbon\u00bb hover_enabled=\u00bb0&#8243; global_colors_info=\u00bb{}\u00bb title_text=\u00bbfondo-verde02&#8243; sticky_enabled=\u00bb0&#8243;][et_pb_row _builder_version=\u00bb4.16&#8243; _module_preset=\u00bbdefault\u00bb global_colors_info=\u00bb{}\u00bb][et_pb_column type=\u00bb4_4&#8243; _builder_version=\u00bb4.16&#8243; _module_preset=\u00bbdefault\u00bb global_colors_info=\u00bb{}\u00bb][et_pb_text _builder_version=\u00bb4.16&#8243; _module_preset=\u00bbdefault\u00bb text_text_color=\u00bb#FFFFFF\u00bb text_font_size=\u00bb22px\u00bb global_colors_info=\u00bb{}\u00bb]<\/p>\n<p class=\"sppb-addon-title\">Este se Compone por:<\/p>\n<p>[\/et_pb_text][\/et_pb_column][\/et_pb_row][et_pb_row column_structure=\u00bb1_2,1_2&#8243; _builder_version=\u00bb4.16&#8243; _module_preset=\u00bbdefault\u00bb global_colors_info=\u00bb{}\u00bb][et_pb_column type=\u00bb1_2&#8243; _builder_version=\u00bb4.16&#8243; _module_preset=\u00bbdefault\u00bb global_colors_info=\u00bb{}\u00bb][et_pb_text _builder_version=\u00bb4.16&#8243; _module_preset=\u00bbdefault\u00bb text_text_color=\u00bb#FFFFFF\u00bb text_font_size=\u00bb16px\u00bb global_colors_info=\u00bb{}\u00bb]<\/p>\n<div id=\"column-wrap-id-1608598725587\" class=\"sppb-col-md-6\">\n<div id=\"column-id-1608598725587\" class=\"sppb-column\">\n<div class=\"sppb-column-addons\">\n<div id=\"sppb-addon-wrapper-1608598725602\" class=\"sppb-addon-wrapper\">\n<div id=\"sppb-addon-1608598725602\" class=\"clearfix\">\n<div class=\"sppb-addon sppb-addon-text-block sppb-text-left\">\n<div class=\"sppb-addon-content\">\n<ul>\n<li>El Directorio es el \u00f3rgano de administraci\u00f3n superior. Est\u00e1 conformado por cinco miembros, dos representan a BTG Pactual, dos al grupo Patria y uno a GMR. Posee las facultades de administraci\u00f3n de la entidad.<\/li>\n<\/ul>\n<\/div>\n<\/div>\n<\/div>\n<\/div>\n<div id=\"sppb-addon-wrapper-1608598725586\" class=\"sppb-addon-wrapper\">\n<div id=\"sppb-addon-1608598725586\" class=\"clearfix\">\n<div class=\"sppb-addon sppb-addon-text-block sppb-text-left\">\n<div class=\"sppb-addon-content\">\n<ul>\n<li>La Fiscal\u00eda, que asesora e informa en materias jur\u00eddicas al Directorio y al gerente general.<\/li>\n<\/ul>\n<\/div>\n<\/div>\n<\/div>\n<\/div>\n<div id=\"sppb-addon-wrapper-1608598725585\" class=\"sppb-addon-wrapper\">\n<div id=\"sppb-addon-1608598725585\" class=\"clearfix\">\n<div class=\"sppb-addon sppb-addon-text-block sppb-text-left\">\n<div class=\"sppb-addon-content\">\n<ul>\n<li>Los Comit\u00e9s de Directores, que apoyan al Directorio en el an\u00e1lisis de los principales aspectos de la gesti\u00f3n de la empresa.<\/li>\n<\/ul>\n<\/div>\n<\/div>\n<\/div>\n<\/div>\n<\/div>\n<\/div>\n<\/div>\n<p>[\/et_pb_text][\/et_pb_column][et_pb_column type=\u00bb1_2&#8243; _builder_version=\u00bb4.16&#8243; _module_preset=\u00bbdefault\u00bb global_colors_info=\u00bb{}\u00bb][et_pb_text _builder_version=\u00bb4.16&#8243; _module_preset=\u00bbdefault\u00bb text_text_color=\u00bb#FFFFFF\u00bb text_font_size=\u00bb16px\u00bb global_colors_info=\u00bb{}\u00bb]<\/p>\n<div id=\"column-wrap-id-1608598725614\" class=\"sppb-col-md-6\">\n<div id=\"column-id-1608598725614\" class=\"sppb-column\">\n<div class=\"sppb-column-addons\">\n<div id=\"sppb-addon-wrapper-1608598725588\" class=\"sppb-addon-wrapper\">\n<div id=\"sppb-addon-1608598725588\" class=\"clearfix\">\n<div class=\"sppb-addon sppb-addon-text-block sppb-text-left\">\n<div class=\"sppb-addon-content\">\n<ul>\n<li>La Gerencia General, y la alta gerencia, responsables de dar cumplimiento a los objetivos y metas establecidas por el Directorio.<\/li>\n<\/ul>\n<\/div>\n<\/div>\n<\/div>\n<\/div>\n<div id=\"sppb-addon-wrapper-1608598725592\" class=\"sppb-addon-wrapper\">\n<div id=\"sppb-addon-1608598725592\" class=\"clearfix\">\n<div class=\"sppb-addon sppb-addon-text-block sppb-text-left\">\n<div class=\"sppb-addon-content\">\n<ul>\n<li>Los Comit\u00e9s de Ejecutivos, que revisan en profundidad las \u00e1reas de negocios y apoyan a la alta gerencia.<\/li>\n<\/ul>\n<\/div>\n<\/div>\n<\/div>\n<\/div>\n<div id=\"sppb-addon-wrapper-1608598725595\" class=\"sppb-addon-wrapper\">\n<div id=\"sppb-addon-1608598725595\" class=\"clearfix\">\n<div class=\"sppb-addon sppb-addon-text-block sppb-text-left\">\n<div class=\"sppb-addon-content\">\n<ul>\n<li>La Contralor\u00eda, que vela por la suficiencia y efectividad del sistema de control interno de la instituci\u00f3n y la gesti\u00f3n integral de los riesgos. Depende directamente del directorio.<\/li>\n<\/ul>\n<\/div>\n<\/div>\n<\/div>\n<\/div>\n<\/div>\n<\/div>\n<\/div>\n<p>[\/et_pb_text][\/et_pb_column][\/et_pb_row][\/et_pb_section][et_pb_section fb_built=\u00bb1&#8243; _builder_version=\u00bb4.16&#8243; _module_preset=\u00bbdefault\u00bb global_colors_info=\u00bb{}\u00bb][et_pb_row _builder_version=\u00bb4.16&#8243; _module_preset=\u00bbdefault\u00bb global_colors_info=\u00bb{}\u00bb][et_pb_column type=\u00bb4_4&#8243; _builder_version=\u00bb4.16&#8243; _module_preset=\u00bbdefault\u00bb global_colors_info=\u00bb{}\u00bb][et_pb_text _builder_version=\u00bb4.16&#8243; _module_preset=\u00bbdefault\u00bb header_3_font_size=\u00bb24px\u00bb global_colors_info=\u00bb{}\u00bb]<\/p>\n<div id=\"column-wrap-id-1608598725570\" class=\"sppb-col-md-12\">\n<div id=\"column-id-1608598725570\" class=\"sppb-column\">\n<div class=\"sppb-column-addons\">\n<div id=\"sppb-addon-wrapper-1608598725635\" class=\"sppb-addon-wrapper\">\n<div id=\"sppb-addon-1608598725635\" class=\"clearfix\">\n<div class=\"sppb-addon sppb-addon-text-block\">\n<h3 class=\"sppb-addon-title\">Comit\u00e9 de Directorio y sus Funciones<\/h3>\n<div class=\"sppb-addon-content\">\n<div>Con el fin de profundizar el control en aquellas materias que, por su especializaci\u00f3n, requieren de dedicaci\u00f3n y conocimientos particulares, el Directorio de LAP cre\u00f3 dos comit\u00e9s espec\u00edficos. Estos tienen la misi\u00f3n de difundir, en cada una de sus \u00e1reas, la filosof\u00eda institucional que constituye el sello distintivo de la compa\u00f1\u00eda de cara a sus colaboradores, clientes, reguladores, inversionistas, grupos de inter\u00e9s y comunidad en general.<\/div>\n<\/div>\n<\/div>\n<\/div>\n<\/div>\n<\/div>\n<\/div>\n<\/div>\n<p>[\/et_pb_text][\/et_pb_column][\/et_pb_row][et_pb_row column_structure=\u00bb1_2,1_2&#8243; _builder_version=\u00bb4.16&#8243; _module_preset=\u00bbdefault\u00bb global_colors_info=\u00bb{}\u00bb][et_pb_column type=\u00bb1_2&#8243; _builder_version=\u00bb4.16&#8243; _module_preset=\u00bbdefault\u00bb global_colors_info=\u00bb{}\u00bb][et_pb_text _builder_version=\u00bb4.16&#8243; _module_preset=\u00bbdefault\u00bb global_colors_info=\u00bb{}\u00bb]<\/p>\n<div id=\"column-wrap-id-1608598725631\" class=\"sppb-col-md-6\">\n<div id=\"column-id-1608598725631\" class=\"sppb-column\">\n<div class=\"sppb-column-addons\">\n<div id=\"sppb-addon-wrapper-1608598725638\" class=\"sppb-addon-wrapper\">\n<div id=\"sppb-addon-1608598725638\" class=\"clearfix\">\n<div class=\"sppb-addon sppb-addon-text-block\">\n<h3 class=\"sppb-addon-title\">Comit\u00e9 de Finanzas<\/h3>\n<div class=\"sppb-addon-content\">\n<div>Responsable de evaluar los planes financieros de la compa\u00f1\u00eda; revisar la estrategia de negocio y su implementaci\u00f3n; y analizar los riesgos relacionados con la estructura financiera, la volatilidad de las tasas de inter\u00e9s y la moneda, y el refinanciamiento.<\/div>\n<\/div>\n<\/div>\n<\/div>\n<\/div>\n<\/div>\n<\/div>\n<\/div>\n<p>[\/et_pb_text][\/et_pb_column][et_pb_column type=\u00bb1_2&#8243; _builder_version=\u00bb4.16&#8243; _module_preset=\u00bbdefault\u00bb global_colors_info=\u00bb{}\u00bb][et_pb_text _builder_version=\u00bb4.16&#8243; _module_preset=\u00bbdefault\u00bb global_colors_info=\u00bb{}\u00bb]<\/p>\n<div id=\"column-wrap-id-1608598725632\" class=\"sppb-col-md-6\">\n<div id=\"column-id-1608598725632\" class=\"sppb-column\">\n<div class=\"sppb-column-addons\">\n<div id=\"sppb-addon-wrapper-1608598725641\" class=\"sppb-addon-wrapper\">\n<div id=\"sppb-addon-1608598725641\" class=\"clearfix\">\n<div class=\"sppb-addon sppb-addon-text-block\">\n<h3 class=\"sppb-addon-title\">Comit\u00e9 de Operaci\u00f3n<\/h3>\n<div class=\"sppb-addon-content\">\n<div>Responsable por evaluar los avances de los proyectos en sus m\u00e1s diversas perspectivas (t\u00e9cnica, financiera, comercial, medio ambiental, entre otras), de manera a alinear las estrategias de manera trasversal en todas las \u00e1reas de la compa\u00f1\u00eda para que as\u00ed se pueda garantizar el correcto cumplimiento de los objetivos de los proyectos.<\/div>\n<\/div>\n<\/div>\n<\/div>\n<\/div>\n<\/div>\n<\/div>\n<\/div>\n<p>[\/et_pb_text][\/et_pb_column][\/et_pb_row][\/et_pb_section][et_pb_section fb_built=\u00bb1&#8243; _builder_version=\u00bb4.16&#8243; _module_preset=\u00bbdefault\u00bb background_color=\u00bb#C9E4F0&#8243; global_colors_info=\u00bb{}\u00bb][et_pb_row _builder_version=\u00bb4.16&#8243; _module_preset=\u00bbdefault\u00bb global_colors_info=\u00bb{}\u00bb][et_pb_column type=\u00bb4_4&#8243; _builder_version=\u00bb4.16&#8243; _module_preset=\u00bbdefault\u00bb global_colors_info=\u00bb{}\u00bb][et_pb_text _builder_version=\u00bb4.16&#8243; _module_preset=\u00bbdefault\u00bb header_2_font=\u00bb|700|||||||\u00bb header_2_font_size=\u00bb30px\u00bb global_colors_info=\u00bb{}\u00bb]<\/p>\n<h2 class=\"sppb-addon-title\">Estructura Societaria<\/h2>\n<p>[\/et_pb_text][\/et_pb_column][\/et_pb_row][et_pb_row column_structure=\u00bb1_3,1_3,1_3&#8243; _builder_version=\u00bb4.16&#8243; _module_preset=\u00bbdefault\u00bb global_colors_info=\u00bb{}\u00bb][et_pb_column type=\u00bb1_3&#8243; _builder_version=\u00bb4.16&#8243; _module_preset=\u00bbdefault\u00bb global_colors_info=\u00bb{}\u00bb][et_pb_text _builder_version=\u00bb4.16&#8243; _module_preset=\u00bbdefault\u00bb global_colors_info=\u00bb{}\u00bb]<\/p>\n<div id=\"column-wrap-id-1608598725593\" class=\"sppb-col-md-4\">\n<div id=\"column-id-1608598725593\" class=\"sppb-column\">\n<div class=\"sppb-column-addons\">\n<div id=\"sppb-addon-wrapper-1608598725594\" class=\"sppb-addon-wrapper\">\n<div id=\"sppb-addon-1608598725594\" class=\"clearfix\">\n<div class=\"sppb-addon sppb-addon-text-block\">\n<h3 class=\"sppb-addon-title\">GMR Holding BV<\/h3>\n<div class=\"sppb-addon-content\">\n<p>Holding con inversi\u00f3n en el rubro energ\u00e9tico, con participaci\u00f3n desde el inicio de LAP.<\/p>\n<\/div>\n<\/div>\n<\/div>\n<\/div>\n<\/div>\n<\/div>\n<\/div>\n<p>[\/et_pb_text][\/et_pb_column][et_pb_column type=\u00bb1_3&#8243; _builder_version=\u00bb4.16&#8243; _module_preset=\u00bbdefault\u00bb global_colors_info=\u00bb{}\u00bb][et_pb_text _builder_version=\u00bb4.16&#8243; _module_preset=\u00bbdefault\u00bb global_colors_info=\u00bb{}\u00bb]<\/p>\n<div id=\"column-wrap-id-1608598725593\" class=\"sppb-col-md-4\">\n<div id=\"column-id-1608598725593\" class=\"sppb-column\">\n<div class=\"sppb-column-addons\">\n<div id=\"sppb-addon-wrapper-1608598725594\" class=\"sppb-addon-wrapper\">\n<div id=\"sppb-addon-1608598725594\" class=\"clearfix\">\n<div class=\"sppb-addon sppb-addon-text-block\">\n<div id=\"column-wrap-id-1608598725595\" class=\"sppb-col-md-4\">\n<div id=\"column-id-1608598725595\" class=\"sppb-column\">\n<div class=\"sppb-column-addons\">\n<div id=\"sppb-addon-wrapper-1608598725596\" class=\"sppb-addon-wrapper\">\n<div id=\"sppb-addon-1608598725596\" class=\"clearfix\">\n<div class=\"sppb-addon sppb-addon-text-block\">\n<h3 class=\"sppb-addon-title\">Patria Investimientos<\/h3>\n<div class=\"sppb-addon-content\">\n<div>Patria es una de las mayores administradoras de inversiones alternativas con m\u00e1s de 28 a\u00f1os de experiencia en activos de LatAm, especialmente en Brasil. Es pionera en Private Equity en Brasil, aumentando gradualmente su cartera con la creaci\u00f3n de nuevos negocios en Infraestructura, Bienes Ra\u00edces, Cr\u00e9dito, Agroindustria y PIPE (Private Investment in Public Equity). Blackstone, l\u00edder en gesti\u00f3n de inversiones alternativas, es un importante socio de Patria desde 2010.<\/div>\n<\/div>\n<\/div>\n<\/div>\n<\/div>\n<\/div>\n<\/div>\n<\/div>\n<\/div>\n<\/div>\n<\/div>\n<\/div>\n<\/div>\n<\/div>\n<p>[\/et_pb_text][\/et_pb_column][et_pb_column type=\u00bb1_3&#8243; _builder_version=\u00bb4.16&#8243; _module_preset=\u00bbdefault\u00bb global_colors_info=\u00bb{}\u00bb][et_pb_text _builder_version=\u00bb4.16&#8243; _module_preset=\u00bbdefault\u00bb global_colors_info=\u00bb{}\u00bb]<\/p>\n<div id=\"column-wrap-id-1608598725593\" class=\"sppb-col-md-4\">\n<div id=\"column-id-1608598725593\" class=\"sppb-column\">\n<div class=\"sppb-column-addons\">\n<div id=\"sppb-addon-wrapper-1608598725594\" class=\"sppb-addon-wrapper\">\n<div id=\"sppb-addon-1608598725594\" class=\"clearfix\">\n<div class=\"sppb-addon sppb-addon-text-block\">\n<div id=\"column-wrap-id-1608598725662\" class=\"sppb-col-md-4\">\n<div id=\"column-id-1608598725662\" class=\"sppb-column\">\n<div class=\"sppb-column-addons\">\n<div id=\"sppb-addon-wrapper-1608598725665\" class=\"sppb-addon-wrapper\">\n<div id=\"sppb-addon-1608598725665\" class=\"clearfix\">\n<div class=\"sppb-addon sppb-addon-text-block\">\n<h3 class=\"sppb-addon-title\">BTG Pactual<\/h3>\n<div class=\"sppb-addon-content\">\n<div>Fundado en 1983, cuenta con cerca de 2.000 colaboradores y es uno de los principales gestores globales de recursos para mercados emergentes, con m\u00e1s de US$ 75 mil millones en fondos bajo su gesti\u00f3n y\/o administraci\u00f3n. Provee una amplia gama de servicios financieros a clientes brasileros y mundiales, incluyendo corporaciones, inversionistas institucionales, gobiernos y personas de alto patrimonio. Presencia en cuatro continentes: Am\u00e9rica del Sur (Brasil, Colombia, Per\u00fa y Chile), Am\u00e9rica del Norte (Estados Unidos), Europa (Inglaterra) y Asia (China).<\/div>\n<\/div>\n<\/div>\n<\/div>\n<\/div>\n<\/div>\n<\/div>\n<\/div>\n<\/div>\n<\/div>\n<\/div>\n<\/div>\n<\/div>\n<\/div>\n<p>[\/et_pb_text][\/et_pb_column][\/et_pb_row][\/et_pb_section]<\/p>","protected":false},"excerpt":{"rendered":"<p>\u00a0 \u00a0 El sistema de Gobierno Corporativo de LAP est\u00e1 dise\u00f1ado para velar por que la compa\u00f1\u00eda alcance los objetivos estrat\u00e9gicos, se incorporen las mejores pr\u00e1cticas internacionales en la gesti\u00f3n de los negocios y se protejan los intereses de todos los stakeholders con los que LAP se relaciona. \u00a0 La estructura responsable de asegurar que [&hellip;]<\/p>","protected":false},"author":13,"featured_media":1044,"parent":0,"menu_order":0,"comment_status":"closed","ping_status":"closed","template":"","meta":{"_acf_changed":false,"_et_pb_use_builder":"on","_et_pb_old_content":"","_et_gb_content_width":"","footnotes":""},"acf":[],"_links":{"self":[{"href":"https:\/\/latampower.com\/en\/wp-json\/wp\/v2\/pages\/1021"}],"collection":[{"href":"https:\/\/latampower.com\/en\/wp-json\/wp\/v2\/pages"}],"about":[{"href":"https:\/\/latampower.com\/en\/wp-json\/wp\/v2\/types\/page"}],"author":[{"embeddable":true,"href":"https:\/\/latampower.com\/en\/wp-json\/wp\/v2\/users\/13"}],"replies":[{"embeddable":true,"href":"https:\/\/latampower.com\/en\/wp-json\/wp\/v2\/comments?post=1021"}],"version-history":[{"count":5,"href":"https:\/\/latampower.com\/en\/wp-json\/wp\/v2\/pages\/1021\/revisions"}],"predecessor-version":[{"id":3004,"href":"https:\/\/latampower.com\/en\/wp-json\/wp\/v2\/pages\/1021\/revisions\/3004"}],"wp:featuredmedia":[{"embeddable":true,"href":"https:\/\/latampower.com\/en\/wp-json\/wp\/v2\/media\/1044"}],"wp:attachment":[{"href":"https:\/\/latampower.com\/en\/wp-json\/wp\/v2\/media?parent=1021"}],"curies":[{"name":"wp","href":"https:\/\/api.w.org\/{rel}","templated":true}]}}